{"version":"1.0","provider_name":"Red \u00cdncola","provider_url":"https:\/\/redincola.org\/en\/","title":"Con la mirada en la desescalada - Red \u00cdncola","type":"rich","width":600,"height":338,"html":"<blockquote class=\"wp-embedded-content\" data-secret=\"IEQvM5XFY8\"><a href=\"https:\/\/redincola.org\/en\/con-la-mirada-en-la-desescalada\/\">Con la mirada en la desescalada<\/a><\/blockquote><iframe sandbox=\"allow-scripts\" security=\"restricted\" src=\"https:\/\/redincola.org\/en\/con-la-mirada-en-la-desescalada\/embed\/#?secret=IEQvM5XFY8\" width=\"600\" height=\"338\" title=\"&#8220;Con la mirada en la desescalada&#8221; &#8212; Red \u00cdncola\" data-secret=\"IEQvM5XFY8\" frameborder=\"0\" marginwidth=\"0\" marginheight=\"0\" scrolling=\"no\" class=\"wp-embedded-content\"><\/iframe><script>\n\/*! This file is auto-generated *\/\n!function(d,l){\"use strict\";l.querySelector&&d.addEventListener&&\"undefined\"!=typeof URL&&(d.wp=d.wp||{},d.wp.receiveEmbedMessage||(d.wp.receiveEmbedMessage=function(e){var t=e.data;if((t||t.secret||t.message||t.value)&&!\/[^a-zA-Z0-9]\/.test(t.secret)){for(var s,r,n,a=l.querySelectorAll('iframe[data-secret=\"'+t.secret+'\"]'),o=l.querySelectorAll('blockquote[data-secret=\"'+t.secret+'\"]'),c=new RegExp(\"^https?:$\",\"i\"),i=0;i<o.length;i++)o[i].style.display=\"none\";for(i=0;i<a.length;i++)s=a[i],e.source===s.contentWindow&&(s.removeAttribute(\"style\"),\"height\"===t.message?(1e3<(r=parseInt(t.value,10))?r=1e3:~~r<200&&(r=200),s.height=r):\"link\"===t.message&&(r=new URL(s.getAttribute(\"src\")),n=new URL(t.value),c.test(n.protocol))&&n.host===r.host&&l.activeElement===s&&(d.top.location.href=t.value))}},d.addEventListener(\"message\",d.wp.receiveEmbedMessage,!1),l.addEventListener(\"DOMContentLoaded\",function(){for(var e,t,s=l.querySelectorAll(\"iframe.wp-embedded-content\"),r=0;r<s.length;r++)(t=(e=s[r]).getAttribute(\"data-secret\"))||(t=Math.random().toString(36).substring(2,12),e.src+=\"#?secret=\"+t,e.setAttribute(\"data-secret\",t)),e.contentWindow.postMessage({message:\"ready\",secret:t},\"*\")},!1)))}(window,document);\n<\/script>\n","thumbnail_url":"https:\/\/redincola.org\/wp-content\/uploads\/2020\/05\/Trabajo-en-tiempos-de-COVID19-Palencia.jpg","thumbnail_width":1280,"thumbnail_height":704,"description":"\u00bfC\u00f3mo y cu\u00e1ndo podremos volver a sentarnos junto a las personas que acuden a actividades y talleres de Red \u00cdncola? est\u00e1 es la gran pregunta de la desescalada. Palencia ser\u00e1 una de las localidades que encabezar\u00e1 este proceso, pero en el centro social Mar\u00eda Inmaculada, delegaci\u00f3n de Red \u00cdncola en Palencia, surgen dudas ante las [&hellip;]"}