{"version":"1.0","provider_name":"Red \u00cdncola","provider_url":"https:\/\/redincola.org\/en\/","title":"Presentamos la memoria 2020 #CompartiendoVida - Red \u00cdncola","type":"rich","width":600,"height":338,"html":"<blockquote class=\"wp-embedded-content\" data-secret=\"AS0jagkaVB\"><a href=\"https:\/\/redincola.org\/en\/presentamos-la-memoria-2020-compartiendovida\/\">Presentamos la memoria 2020 #CompartiendoVida<\/a><\/blockquote><iframe sandbox=\"allow-scripts\" security=\"restricted\" src=\"https:\/\/redincola.org\/en\/presentamos-la-memoria-2020-compartiendovida\/embed\/#?secret=AS0jagkaVB\" width=\"600\" height=\"338\" title=\"&#8220;Presentamos la memoria 2020 #CompartiendoVida&#8221; &#8212; Red \u00cdncola\" data-secret=\"AS0jagkaVB\" frameborder=\"0\" marginwidth=\"0\" marginheight=\"0\" scrolling=\"no\" class=\"wp-embedded-content\"><\/iframe><script>\n\/*! This file is auto-generated *\/\n!function(d,l){\"use strict\";l.querySelector&&d.addEventListener&&\"undefined\"!=typeof URL&&(d.wp=d.wp||{},d.wp.receiveEmbedMessage||(d.wp.receiveEmbedMessage=function(e){var t=e.data;if((t||t.secret||t.message||t.value)&&!\/[^a-zA-Z0-9]\/.test(t.secret)){for(var s,r,n,a=l.querySelectorAll('iframe[data-secret=\"'+t.secret+'\"]'),o=l.querySelectorAll('blockquote[data-secret=\"'+t.secret+'\"]'),c=new RegExp(\"^https?:$\",\"i\"),i=0;i<o.length;i++)o[i].style.display=\"none\";for(i=0;i<a.length;i++)s=a[i],e.source===s.contentWindow&&(s.removeAttribute(\"style\"),\"height\"===t.message?(1e3<(r=parseInt(t.value,10))?r=1e3:~~r<200&&(r=200),s.height=r):\"link\"===t.message&&(r=new URL(s.getAttribute(\"src\")),n=new URL(t.value),c.test(n.protocol))&&n.host===r.host&&l.activeElement===s&&(d.top.location.href=t.value))}},d.addEventListener(\"message\",d.wp.receiveEmbedMessage,!1),l.addEventListener(\"DOMContentLoaded\",function(){for(var e,t,s=l.querySelectorAll(\"iframe.wp-embedded-content\"),r=0;r<s.length;r++)(t=(e=s[r]).getAttribute(\"data-secret\"))||(t=Math.random().toString(36).substring(2,12),e.src+=\"#?secret=\"+t,e.setAttribute(\"data-secret\",t)),e.contentWindow.postMessage({message:\"ready\",secret:t},\"*\")},!1)))}(window,document);\n<\/script>\n","thumbnail_url":"https:\/\/redincola.org\/wp-content\/uploads\/2021\/06\/1624453177540-scaled.jpg","thumbnail_width":2560,"thumbnail_height":1920,"description":"Como otros a\u00f1os, presentamos esta memoria de actividades de Red \u00cdncola del a\u00f1o 2020, a\u00f1o en el que deber\u00edamos haber celebrado, por todo lo alto, el d\u00e9cimo aniversario de la constituci\u00f3n como Fundaci\u00f3n de la Red. Lamentablemente no fue un buen a\u00f1o para celebraciones, por eso queremos aprovechar esta presentaci\u00f3n para agradeceros a quienes hac\u00e9is [&hellip;]"}